{"id":7003,"date":"2022-12-23T16:23:13","date_gmt":"2022-12-23T19:23:13","guid":{"rendered":"https:\/\/edufor.com.br\/repositorio\/?post_type=tnc_col_317_item&#038;p=7003"},"modified":"2025-02-04T11:05:45","modified_gmt":"2025-02-04T14:05:45","slug":"o-servico-social-na-politica-de-saude-particularidades-da-atuacao-do-assistente-social-na-unidade-de-pronto-atendimento-socorrinho-ii-em-sao-luis-ma","status":"publish","type":"tnc_col_317_item","link":"https:\/\/edufor.com.br\/repositorio\/servico-social\/o-servico-social-na-politica-de-saude-particularidades-da-atuacao-do-assistente-social-na-unidade-de-pronto-atendimento-socorrinho-ii-em-sao-luis-ma\/","title":{"rendered":"O servi\u00e7o social na pol\u00edtica de sa\u00fade: particularidades da atua\u00e7\u00e3o do assistente social na Unidade de Pronto Atendimento Socorrinho II em S\u00e3o Lu\u00eds\/MA"},"content":{"rendered":"<p>A presente pesquisa tem como finalidade um estudo acerca da atua\u00e7\u00e3o do Servi\u00e7o Social na pol\u00edtica de sa\u00fade, mais especificamente no \u00e2mbito das particularidades da atua\u00e7\u00e3o profissional na Unidade de Pronto Atendimento Socorrinho II, no munic\u00edpio de S\u00e3o Lu\u00eds\/MA. Busca-se, dessa forma, compreender a atua\u00e7\u00e3o do assistente social sob os determinantes sociais da sa\u00fade na institui\u00e7\u00e3o estudada. Por isso, elencou-se um breve resgate s\u00f3cio-hist\u00f3rico da sa\u00fade p\u00fablica no Brasil, bem como se deu a rela\u00e7\u00e3o de inser\u00e7\u00e3o do Servi\u00e7o Social na pol\u00edtica. Nesse sentido, o estudo apresenta uma breve investiga\u00e7\u00e3o das principais reflex\u00f5es sobre a rela\u00e7\u00e3o do Servi\u00e7o Social na sa\u00fade e, por fim, foi realizada uma pesquisa de campo, atrav\u00e9s de uma entrevista semiestruturada, na Unidade de Pronto Atendimento Socorrinho II com a finalidade de conhecer a realidade do assistente social. Como resultado, foi poss\u00edvel compreender o cotidiano, ainda de forma breve, do assistente social em uma institui\u00e7\u00e3o de sa\u00fade. No qual esse se faz principalmente atrav\u00e9s de orienta\u00e7\u00f5es e esclarecimentos sobre direitos sociais (previdenci\u00e1rios, socioassistenciais, dentre outros), realiza\u00e7\u00e3o de entrevistas sociais, emiss\u00f5es de declara\u00e7\u00f5es para o paciente e acompanhantes e encaminhamentos para demais pol\u00edticas p\u00fablicas.<\/p>\n","protected":false},"featured_media":7055,"parent":0,"menu_order":0,"comment_status":"closed","ping_status":"closed","template":"","format":"standard","class_list":["post-7003","tnc_col_317_item","type-tnc_col_317_item","status-publish","format-standard","has-post-thumbnail","hentry"],"_links":{"self":[{"href":"https:\/\/edufor.com.br\/repositorio\/wp-json\/wp\/v2\/tnc_col_317_item\/7003","targetHints":{"allow":["GET"]}}],"collection":[{"href":"https:\/\/edufor.com.br\/repositorio\/wp-json\/wp\/v2\/tnc_col_317_item"}],"about":[{"href":"https:\/\/edufor.com.br\/repositorio\/wp-json\/wp\/v2\/types\/tnc_col_317_item"}],"replies":[{"embeddable":true,"href":"https:\/\/edufor.com.br\/repositorio\/wp-json\/wp\/v2\/comments?post=7003"}],"version-history":[{"count":3,"href":"https:\/\/edufor.com.br\/repositorio\/wp-json\/wp\/v2\/tnc_col_317_item\/7003\/revisions"}],"predecessor-version":[{"id":7402,"href":"https:\/\/edufor.com.br\/repositorio\/wp-json\/wp\/v2\/tnc_col_317_item\/7003\/revisions\/7402"}],"wp:featuredmedia":[{"embeddable":true,"href":"https:\/\/edufor.com.br\/repositorio\/wp-json\/wp\/v2\/media\/7055"}],"wp:attachment":[{"href":"https:\/\/edufor.com.br\/repositorio\/wp-json\/wp\/v2\/media?parent=7003"}],"curies":[{"name":"wp","href":"https:\/\/api.w.org\/{rel}","templated":true}]}}