{"id":6997,"date":"2022-12-23T16:23:13","date_gmt":"2022-12-23T19:23:13","guid":{"rendered":"https:\/\/edufor.com.br\/repositorio\/?post_type=tnc_col_317_item&#038;p=6997"},"modified":"2025-02-04T11:07:34","modified_gmt":"2025-02-04T14:07:34","slug":"cras-sao-raimundo-cortes-de-recursos-e-o-impacto-na-politica-de-assistencia-social","status":"publish","type":"tnc_col_317_item","link":"https:\/\/edufor.com.br\/repositorio\/servico-social\/cras-sao-raimundo-cortes-de-recursos-e-o-impacto-na-politica-de-assistencia-social\/","title":{"rendered":"CRAS S\u00e3o Raimundo: cortes de recursos e o impacto na Pol\u00edtica de Assist\u00eancia Social"},"content":{"rendered":"<p>A presente pesquisa tem por objeto de estudo o impacto dos cortes de recursos na Pol\u00edtica de Assist\u00eancia Social no CRAS- S\u00e3o Raimundo nos anos de 2019 a 2022. Como objetivo pretende-se problematizar os retrocessos e impactos ocorridos na referida pol\u00edtica no governo de Bolsonaro. Por isso, elencou-se um breve resgate hist\u00f3rico na Pol\u00edtica de Assist\u00eancia Social no Brasil, dando \u00eanfase na prote\u00e7\u00e3o social b\u00e1sica. Diante da premissa de identificar os impactos ocorridos na Pol\u00edtica de Assist\u00eancia Social, foi obtido que a Pol\u00edtica de Assist\u00eancia Social brasileira est\u00e1 sofrendo desmonte ao longo dos anos, isso se d\u00e1 pela implementa\u00e7\u00e3o do neoliberalismo Brasil, onde se prioriza o capital em vez da classe trabalhadora. Quanto a metodologia direcionou-se para o levantamento bibliogr\u00e1fico de cunho explorat\u00f3rio, descritivo e explicativo, bem como a realiza\u00e7\u00e3o de pesquisa de campo, apoiada em uma entrevista semiestruturada.<\/p>\n","protected":false},"featured_media":7033,"parent":0,"menu_order":0,"comment_status":"closed","ping_status":"closed","template":"","format":"standard","class_list":["post-6997","tnc_col_317_item","type-tnc_col_317_item","status-publish","format-standard","has-post-thumbnail","hentry"],"_links":{"self":[{"href":"https:\/\/edufor.com.br\/repositorio\/wp-json\/wp\/v2\/tnc_col_317_item\/6997","targetHints":{"allow":["GET"]}}],"collection":[{"href":"https:\/\/edufor.com.br\/repositorio\/wp-json\/wp\/v2\/tnc_col_317_item"}],"about":[{"href":"https:\/\/edufor.com.br\/repositorio\/wp-json\/wp\/v2\/types\/tnc_col_317_item"}],"replies":[{"embeddable":true,"href":"https:\/\/edufor.com.br\/repositorio\/wp-json\/wp\/v2\/comments?post=6997"}],"version-history":[{"count":3,"href":"https:\/\/edufor.com.br\/repositorio\/wp-json\/wp\/v2\/tnc_col_317_item\/6997\/revisions"}],"predecessor-version":[{"id":7310,"href":"https:\/\/edufor.com.br\/repositorio\/wp-json\/wp\/v2\/tnc_col_317_item\/6997\/revisions\/7310"}],"wp:featuredmedia":[{"embeddable":true,"href":"https:\/\/edufor.com.br\/repositorio\/wp-json\/wp\/v2\/media\/7033"}],"wp:attachment":[{"href":"https:\/\/edufor.com.br\/repositorio\/wp-json\/wp\/v2\/media?parent=6997"}],"curies":[{"name":"wp","href":"https:\/\/api.w.org\/{rel}","templated":true}]}}