{"id":12342,"date":"2023-12-27T15:01:12","date_gmt":"2023-12-27T18:01:12","guid":{"rendered":"https:\/\/edufor.com.br\/repositorio\/?post_type=tnc_col_317_item&#038;p=12342"},"modified":"2025-02-04T11:02:42","modified_gmt":"2025-02-04T14:02:42","slug":"servico-social-no-atendimento-a-criancas-e-adolescentes-vitimas-de-violencia-fisica-familiar","status":"publish","type":"tnc_col_317_item","link":"https:\/\/edufor.com.br\/repositorio\/servico-social\/servico-social-no-atendimento-a-criancas-e-adolescentes-vitimas-de-violencia-fisica-familiar\/","title":{"rendered":"Servi\u00e7o social no atendimento a crian\u00e7as e adolescentes v\u00edtimas de viol\u00eancia f\u00edsica familiar"},"content":{"rendered":"<p>A presente pesquisa busca analisar o papel do servi\u00e7o social na assist\u00eancia a crian\u00e7as e adolescentes v\u00edtimas de viol\u00eancia familiar. A viol\u00eancia dom\u00e9stica intrafamiliar executada contra crian\u00e7as e adolescentes \u00e9 vislumbrada como um problema de sa\u00fade p\u00fablica. Esse tipo de viol\u00eancia ocorre no \u00e2mbito do afeto, executadas por aqueles que deveriam agir no segmento da prote\u00e7\u00e3o e cuidado. O interesse pela interven\u00e7\u00e3o profissional do assistente social em situa\u00e7\u00f5es de viol\u00eancia decorre da constata\u00e7\u00e3o da complexidade dessa necessidade do trabalho social no campo das pol\u00edticas p\u00fablicas em um contexto prejudicial \u00e0 efetiva\u00e7\u00e3o dos direitos fundamentais. Para tanto, foi utilizado como m\u00e9todo de coleta de dados a pesquisa bibliogr\u00e1fica em rela\u00e7\u00e3o ao objeto investigado no qual objetiva o contato direto do pesquisador com o que j\u00e1 foi produzido\/escrito a respeito do assunto.<\/p>\n","protected":false},"featured_media":12369,"parent":0,"menu_order":0,"comment_status":"closed","ping_status":"closed","template":"","format":"standard","class_list":["post-12342","tnc_col_317_item","type-tnc_col_317_item","status-publish","format-standard","has-post-thumbnail","hentry"],"_links":{"self":[{"href":"https:\/\/edufor.com.br\/repositorio\/wp-json\/wp\/v2\/tnc_col_317_item\/12342","targetHints":{"allow":["GET"]}}],"collection":[{"href":"https:\/\/edufor.com.br\/repositorio\/wp-json\/wp\/v2\/tnc_col_317_item"}],"about":[{"href":"https:\/\/edufor.com.br\/repositorio\/wp-json\/wp\/v2\/types\/tnc_col_317_item"}],"replies":[{"embeddable":true,"href":"https:\/\/edufor.com.br\/repositorio\/wp-json\/wp\/v2\/comments?post=12342"}],"version-history":[{"count":3,"href":"https:\/\/edufor.com.br\/repositorio\/wp-json\/wp\/v2\/tnc_col_317_item\/12342\/revisions"}],"predecessor-version":[{"id":12373,"href":"https:\/\/edufor.com.br\/repositorio\/wp-json\/wp\/v2\/tnc_col_317_item\/12342\/revisions\/12373"}],"wp:featuredmedia":[{"embeddable":true,"href":"https:\/\/edufor.com.br\/repositorio\/wp-json\/wp\/v2\/media\/12369"}],"wp:attachment":[{"href":"https:\/\/edufor.com.br\/repositorio\/wp-json\/wp\/v2\/media?parent=12342"}],"curies":[{"name":"wp","href":"https:\/\/api.w.org\/{rel}","templated":true}]}}