{"id":10646,"date":"2023-08-03T08:50:47","date_gmt":"2023-08-03T11:50:47","guid":{"rendered":"https:\/\/edufor.com.br\/repositorio\/?post_type=tnc_col_317_item&#038;p=10646"},"modified":"2025-02-04T11:04:55","modified_gmt":"2025-02-04T14:04:55","slug":"o-servico-social-e-a-violencia-obstetrica-um-estudo-sobre-as-estrategias-de-intervencao-profissional","status":"publish","type":"tnc_col_317_item","link":"https:\/\/edufor.com.br\/repositorio\/servico-social\/o-servico-social-e-a-violencia-obstetrica-um-estudo-sobre-as-estrategias-de-intervencao-profissional\/","title":{"rendered":"O servi\u00e7o social e a viol\u00eancia obst\u00e9trica: um estudo sobre as estrat\u00e9gias de interven\u00e7\u00e3o profissional"},"content":{"rendered":"<p>Este estudo \u00e9 resultado de uma breve discuss\u00e3o acerca da atua\u00e7\u00e3o do assistente social no combate \u00e0 Viol\u00eancia Obst\u00e9trica. O objetivo geral deste trabalho voltou-se para identificar os aspectos da interven\u00e7\u00e3o profissional do assistente social que contribui no combate \u00e0 Viol\u00eancia Obst\u00e9trica no \u00e2mbito das institui\u00e7\u00f5es de sa\u00fade, e os objetivos espec\u00edficos se delimitaram em discutir os principais aspectos s\u00f3cios hist\u00f3ricos que permeiam a situa\u00e7\u00e3o de desigualdade na qual vivem as mulheres brasileiras; voltou-se a suscitar a discuss\u00e3o referente \u00e0 maternidade no Brasil e seus recortes de classe e ra\u00e7a; e mensurar as a\u00e7\u00f5es profissionais que se apresentam como estrat\u00e9gias de combate \u00e0 VO no \u00e2mbito da interven\u00e7\u00e3o do Servi\u00e7o Social nas unidades de sa\u00fade. Para a elabora\u00e7\u00e3o da pesquisa, a metodologia se direcionou para a pesquisa de campo, de cunho explorat\u00f3rio e explicativo. Posto isto, para a concretiza\u00e7\u00e3o da pesquisa de campo, foi poss\u00edvel entrevistar uma assistente social que atua em uma maternidade p\u00fablica no Munic\u00edpio de Pa\u00e7o do Lumiar (MA), essa participa\u00e7\u00e3o ocorreu de forma remota, via Google Meet no dia 13 de Junho de 2023. Foi utilizada tamb\u00e9m a ferramenta do Google Forms, essa pesquisa online ocorreu durante os dias 12 e 13 Junho de 2023 para a elabora\u00e7\u00e3o das perguntas voltadas para as experi\u00eancias das m\u00e3es com a institui\u00e7\u00e3o de sa\u00fade. Por fim, na pesquisa de campo, tamb\u00e9m teve a participa\u00e7\u00e3o de tr\u00eas m\u00e3es que aceitaram ser entrevistadas para relatar sobre a sua experi\u00eancia em rela\u00e7\u00e3o a VO, a entrevista foi realizada pelo Whatsapp durante os dias 14 a 16 de Junho de 2023. Quanto aos resultados, percebe-se que a atua\u00e7\u00e3o do assistente social no combate \u00e0 Viol\u00eancia Obst\u00e9trica \u00e9 de suma import\u00e2ncia, uma vez que esse profissional desempenha um papel fundamental na garantia dos direitos e no bem-estar das mulheres. Por meio de abordagens integradas e interdisciplinares, o assistente social contribui para a conscientiza\u00e7\u00e3o e preven\u00e7\u00e3o desta problem\u00e1tica, promovendo uma assist\u00eancia digna e humanizada \u00e0s mulheres durante todo o processo de gravidez, parto e p\u00f3s- parto. Observou-se com a pesquisa de campo, que os impactos da VO afeta diretamente a sa\u00fade da mulher de forma negativa para a sua sa\u00fade reprodutiva e sexual, causando-lhe danos psicol\u00f3gicos e f\u00edsicos.<\/p>\n","protected":false},"featured_media":10716,"parent":0,"menu_order":0,"comment_status":"closed","ping_status":"closed","template":"","format":"standard","class_list":["post-10646","tnc_col_317_item","type-tnc_col_317_item","status-publish","format-standard","has-post-thumbnail","hentry"],"_links":{"self":[{"href":"https:\/\/edufor.com.br\/repositorio\/wp-json\/wp\/v2\/tnc_col_317_item\/10646","targetHints":{"allow":["GET"]}}],"collection":[{"href":"https:\/\/edufor.com.br\/repositorio\/wp-json\/wp\/v2\/tnc_col_317_item"}],"about":[{"href":"https:\/\/edufor.com.br\/repositorio\/wp-json\/wp\/v2\/types\/tnc_col_317_item"}],"replies":[{"embeddable":true,"href":"https:\/\/edufor.com.br\/repositorio\/wp-json\/wp\/v2\/comments?post=10646"}],"version-history":[{"count":3,"href":"https:\/\/edufor.com.br\/repositorio\/wp-json\/wp\/v2\/tnc_col_317_item\/10646\/revisions"}],"predecessor-version":[{"id":10784,"href":"https:\/\/edufor.com.br\/repositorio\/wp-json\/wp\/v2\/tnc_col_317_item\/10646\/revisions\/10784"}],"wp:featuredmedia":[{"embeddable":true,"href":"https:\/\/edufor.com.br\/repositorio\/wp-json\/wp\/v2\/media\/10716"}],"wp:attachment":[{"href":"https:\/\/edufor.com.br\/repositorio\/wp-json\/wp\/v2\/media?parent=10646"}],"curies":[{"name":"wp","href":"https:\/\/api.w.org\/{rel}","templated":true}]}}